{"id":8506,"date":"2026-08-19T10:30:09","date_gmt":"2026-08-19T08:30:09","guid":{"rendered":"https:\/\/bacteria.de\/?post_type=insight&#038;p=8506"},"modified":"2026-08-31T15:05:58","modified_gmt":"2026-08-31T13:05:58","slug":"mikrobiom-und-schlaf-fmt-insomnie","status":"publish","type":"insight","link":"https:\/\/bacteria.de\/de\/insight\/mikrobiom-und-schlaf-fmt-insomnie\/","title":{"rendered":"Bestimmt das Mikrobiom unseren Schlaf?"},"content":{"rendered":"\n<h1 class=\"wp-block-heading\"><strong><strong>Mikrobiom und Schlaf<\/strong>: Kann das Darmmikrobiom bei chronischer Insomnie helfen?<\/strong><\/h1>\n\n\n\n<p class=\"wp-block-paragraph\"><\/p>\n\n\n\n<blockquote class=\"wp-block-quote is-layout-flow wp-block-quote-is-layout-flow\">\n<p class=\"wp-block-paragraph\">Schlafst\u00f6rungen betreffen viele Menschen und k\u00f6nnen den Alltag stark belasten. Eine h\u00e4ufige Form ist die chronische Insomnie: anhaltende Schwierigkeiten beim Ein- oder Durchschlafen. Schlafmittel k\u00f6nnen kurzfristig helfen, l\u00f6sen die zugrunde liegenden Schlafprobleme aber selten.<\/p>\n<\/blockquote>\n\n\n\n<p class=\"wp-block-paragraph\">Ihre langfristige Anwendung ist wegen <strong>Toleranzentwicklung<\/strong>, <strong>Abh\u00e4ngigkeitsrisiken<\/strong> und <strong>m\u00f6glicher kognitiver Nebenwirkungen<\/strong> begrenzt. Die erste Wahl bei chronischer Insomnie ist eine kognitive Verhaltenstherapie. Doch nicht jeder spricht ausreichend darauf an, und nicht \u00fcberall ist sie gut zug\u00e4nglich. Daher bleibt die Frage offen, welche weiteren M\u00f6glichkeiten es gibt, um Menschen mit chronischer Insomnie zu helfen.<\/p>\n\n\n\n<p class=\"wp-block-paragraph\">Wie eng Mikrobiom und Schlaf tats\u00e4chlich zusammenh\u00e4ngen, ist bislang nicht gekl\u00e4rt. Dieser Frage ging eine Humanstudie nach.<\/p>\n\n\n\n<p class=\"wp-block-paragraph\"><\/p>\n\n\n\n<h2 class=\"wp-block-heading\">Was wurde gemacht?<\/h2>\n\n\n\n<p class=\"wp-block-paragraph\">Insgesamt wurden <strong>80<\/strong> <strong>Menschen<\/strong> mit <strong>chronischer Insomnie<\/strong> per Zufall einer Behandlungsgruppe oder einer Kontrollgruppe zugeteilt. Die 40 Personen der Behandlungsgruppe erhielten zun\u00e4chst zwei Tage lang eine <a href=\"https:\/\/bacteria.de\/de\/medizin\/antibiotika-und-mikrobiom\/\" data-type=\"post\" data-id=\"7803\">Antibiotikatherapie<\/a>. Nach einer zweit\u00e4gigen Pause folgte eine f\u00e4kale Mikrobiota-Transplantation (FMT). Daf\u00fcr nahmen sie 60 Kapseln mit Darmmikrobiota von gesunden Spendern ohne Schlafst\u00f6rungen ein. Nach zwei Wochen nahmen sie weitere 20 Kapseln ein. Zus\u00e4tzlich erhielt jeweils die H\u00e4lfte der Behandlungs- und der Kontrollgruppe sechs Wochen lang ein Synbiotikum mit den beiden Bakterienarten <em>Lactobacillus helveticus<\/em> und <em>Bifidobacterium longum<\/em> sowie 3 Gramm Inulin pro Tag.<\/p>\n\n\n\n<p class=\"wp-block-paragraph\">Vor Beginn und etwa einen Monat nach Abschluss der Behandlung wurde in beiden Gruppen der Schlaf mittels Polysomnographie objektiv untersucht. Diese umfassende Untersuchung im Schlaflabor zeichnet w\u00e4hrend des Schlafs verschiedene K\u00f6rperfunktionen auf und erfasst unter anderem Schlaf-Effizienz und n\u00e4chtliche Wachzeiten. Zus\u00e4tzlich beantworteten die Teilnehmer vor Beginn sowie nach 1, 2, 3 und 6 Monaten Frageb\u00f6gen zu ihrer subjektiv erlebten Schlafqualit\u00e4t.<\/p>\n\n\n\n<p class=\"wp-block-paragraph\"><\/p>\n\n\n\n<h2 class=\"wp-block-heading\">Was kam heraus?<\/h2>\n\n\n\n<p class=\"wp-block-paragraph\">Insgesamt <strong>verbesserten<\/strong> sich die objektiv gemessenen Schlafwerte in der Gruppe, die das FMT-basierte Behandlungsprotokoll erhielt, st\u00e4rker als in der Kontrollgruppe.<\/p>\n\n\n\n<p class=\"wp-block-paragraph\">Nach einem Monat zeigte die Polysomnographie in der Behandlungsgruppe eine<strong> h\u00f6here Schlaf-Effizienz<\/strong> und <strong>weniger Wachzeit<\/strong> nach dem Einschlafen als in der Kontrollgruppe. In den Frageb\u00f6gen zeigte sich zu diesem Zeitpunkt dagegen erstaunlicherweise kein klarer Unterschied zwischen den Gruppen, weil beide ihre Schlafprobleme subjektiv <strong>besser<\/strong> einsch\u00e4tzten. Das unterstreicht, wie wichtig eine Placebo-Kontrollgruppe ist: Die Erwartung, durch die Studienteilnahme besser zu schlafen, k\u00f6nnte die subjektive Einsch\u00e4tzung beeinflusst haben.<\/p>\n\n\n\n<p class=\"wp-block-paragraph\">Nach 2, 3 und 6 Monaten sch\u00e4tzte die Gruppe, die eine FMT bekommen hatte, ihre Schlafqualit\u00e4t in den Frageb\u00f6gen jedoch <strong>besser<\/strong> ein als die Kontrollgruppe. Nach einem halben Jahr war der Unterschied zwischen den Gruppen allerdings <strong>geringer<\/strong> als in den Monaten davor. Das k\u00f6nnte auf eine <strong>nachlassende Wirkung<\/strong> hindeuten. Da die Polysomnographie nur nach einem Monat wiederholt wurde, l\u00e4sst sich jedoch nicht sagen, ob sich auch die objektiven Schlafwerte sp\u00e4ter wieder verschlechterten.<\/p>\n\n\n\n<p class=\"wp-block-paragraph\">Interessanterweise reagierten nicht alle Personen der Behandlungsgruppe gleich stark. Insgesamt wurden 14 von 38 Personen als <strong>Responder<\/strong> eingeordnet, weil sich ihre objektiv gemessene Schlaf-Effizienz um mindestens<strong> 20 %<\/strong> verbessert hatte.<\/p>\n\n\n\n<p class=\"wp-block-paragraph\">Die zus\u00e4tzliche Gabe des <strong>Synbiotikums<\/strong> zeigte keinen klaren zus\u00e4tzlichen Effekt auf die Schlaf-Effizienz.<\/p>\n\n\n\n<p class=\"wp-block-paragraph\"><\/p>\n\n\n\n<h2 class=\"wp-block-heading\">Was bedeuten die Ergebnisse f\u00fcr die Medizin?<\/h2>\n\n\n\n<p class=\"wp-block-paragraph\"><\/p>\n\n\n\n<blockquote class=\"wp-block-quote is-layout-flow wp-block-quote-is-layout-flow\">\n<p class=\"wp-block-paragraph\">F\u00fcr die Forschung zu Mikrobiom und Schlaf liefern die Ergebnisse erste klinische Hinweise darauf, dass ein FMT-basiertes Behandlungsprotokoll mit vorheriger Antibiotikabehandlung bei chronischer Insomnie die Schlafqualit\u00e4t verbessern k\u00f6nnte.<\/p>\n<\/blockquote>\n\n\n\n<p class=\"wp-block-paragraph\">Dass nicht alle Personen gleich stark reagierten, kann <strong>mehrere Ursachen <\/strong>haben. Eine m\u00f6gliche Erkl\u00e4rung w\u00e4re, dass sich die \u00fcbertragene Darmmikrobiota bei manchen Personen besser etablieren kann als bei anderen. Die Forscher konnten jedoch nicht zeigen, dass sich das Mikrobiom der Responder nach der Behandlung <strong>st\u00e4rker<\/strong> oder <strong>gezielter<\/strong> ver\u00e4nderte als das der Non-Responder. Es ist trotzdem denkbar, dass das urspr\u00fcngliche Mikrobiom beeinflusst, wie gut jemand auf die Behandlung anspricht. Ebenso ist es aber m\u00f6glich, dass chronische Insomnie bei verschiedenen Personen <strong>unterschiedliche Ursachen<\/strong> hat und ein mikrobiomgerichteter Ansatz daher nicht allen gleicherma\u00dfen helfen kann.<\/p>\n\n\n\n<p class=\"wp-block-paragraph\">Nach sechs Monaten war der Unterschied in der subjektiv erlebten Schlafqualit\u00e4t noch sichtbar, aber kleiner als nach 2 und 3 Monaten. Eine m\u00f6gliche Erkl\u00e4rung w\u00e4re, dass sich die \u00fcbertragene Darmmikrobiota <strong>ohne passende Lebensbedingungen <\/strong>nicht dauerhaft halten konnte. Das sind jedoch nur <strong>Spekulationen<\/strong>, da in der Studie weder Gewohnheiten noch das Mikrobiom nach sechs Monaten untersucht wurden.<\/p>\n\n\n\n<p class=\"wp-block-paragraph\">Die Studie ist deshalb ein wichtiger erster Hinweis. Weitere Studien m\u00fcssen aber noch zeigen, ob sich FMT-basierte Ans\u00e4tze bei chronischer Insomnie sicher und wirksam einsetzen lassen.<\/p>\n\n\n\n<p class=\"wp-block-paragraph\"><\/p>\n\n\n\n<figure class=\"wp-block-image size-full is-resized\"><img decoding=\"async\" width=\"2912\" height=\"1632\" src=\"https:\/\/bacteria.de\/wp-content\/uploads\/2026\/08\/Mond_Bakterien.png\" alt=\"Mikrobiom und Schlaf\" class=\"wp-image-8510\" style=\"aspect-ratio:1.7843182340767993;width:733px;height:auto\" srcset=\"https:\/\/bacteria.de\/wp-content\/uploads\/2026\/08\/Mond_Bakterien.png 2912w, https:\/\/bacteria.de\/wp-content\/uploads\/2026\/08\/Mond_Bakterien-1280x717.png 1280w, https:\/\/bacteria.de\/wp-content\/uploads\/2026\/08\/Mond_Bakterien-980x549.png 980w, https:\/\/bacteria.de\/wp-content\/uploads\/2026\/08\/Mond_Bakterien-480x269.png 480w\" sizes=\"(min-width: 0px) and (max-width: 480px) 480px, (min-width: 481px) and (max-width: 980px) 980px, (min-width: 981px) and (max-width: 1280px) 1280px, (min-width: 1281px) 2912px, 100vw\" \/><\/figure>\n\n\n\n<p class=\"wp-block-paragraph\"><\/p>\n\n\n\n<h2 class=\"wp-block-heading\">Mikrobiom und Schlaf: Was bedeutet das f\u00fcr den Alltag?<\/h2>\n\n\n\n<p class=\"wp-block-paragraph\">Spannend ist die Frage, ob ein <strong>mikrobiomfreundlicher Lebensstil<\/strong> helfen kann, besser zu schlafen. Diese Frage beantwortet die Studie jedoch nicht direkt. Untersucht wurden Menschen mit <strong>diagnostizierter chronischer Insomnie<\/strong>, die eine intensive Behandlung aus Antibiotikavorbehandlung und FMT erhielten. Das ist ein starker medizinischer Eingriff in das Darmmikrobiom und nicht mit Ver\u00e4nderungen von Ern\u00e4hrung oder Bewegung im Alltag vergleichbar.<br>Synbiotika zeigten in dieser Studie<strong> keinen Effekt<\/strong>. Das bedeutet jedoch nicht, dass sie grunds\u00e4tzlich keinen Einfluss auf den Schlaf haben: <\/p>\n\n\n\n<p class=\"wp-block-paragraph\"><\/p>\n\n\n\n<blockquote class=\"wp-block-quote is-layout-flow wp-block-quote-is-layout-flow\">\n<p class=\"wp-block-paragraph\">Getestet wurde nur diese konkrete Kombination \u00fcber einen begrenzten Zeitraum und ohne eine zus\u00e4tzliche Lebensstilintervention. Ob Ern\u00e4hrung, Bewegung und andere Gewohnheiten \u00fcber das Mikrobiom die Schlafqualit\u00e4t beeinflussen k\u00f6nnen, m\u00fcssen weitere Studien zeigen.<\/p>\n<\/blockquote>\n\n\n\n<p class=\"wp-block-paragraph\"><\/p>\n\n\n\n<h2 class=\"wp-block-heading\">Was lernen wir daraus?<\/h2>\n\n\n\n<p class=\"wp-block-paragraph\">Die Studie liefert neue Hinweise auf einen Zusammenhang zwischen Mikrobiom und Schlaf. Das Darmmikrobiom kann bei chronischer Insomnie eine <strong>relevante<\/strong> <strong>Rolle<\/strong> f\u00fcr die Schlafqualit\u00e4t spielen. Was genau der dahinter liegende Mechanismus ist und inwiefern wir ihn beeinflussen k\u00f6nnen, ist noch nicht endg\u00fcltig gekl\u00e4rt.<br>Angesichts der Bedeutung von <a href=\"https:\/\/bacteria.de\/de\/insight\/social-jetlag-stoert-mikrobiom\/\" data-type=\"insight\" data-id=\"6641\">Schlaf f\u00fcr unsere Gesundheit<\/a> macht es jedoch schon heute Sinn, den Lebensstil so zu gestalten, dass er auch das <a href=\"https:\/\/bacteria.de\/de\/allgemein\/wie-funktioniert-das-mikrobiom\/\" data-type=\"post\" data-id=\"7736\"><strong>Mikrobiom<\/strong> unterst\u00fctzt<\/a>, da die Studie erste Hinweise f\u00fcr einen Zusammenhang zwischen <strong>Darmmikrobiom<\/strong> und <strong>Schlafqualit\u00e4t<\/strong> sprechen.<\/p>\n\n\n\n<p class=\"wp-block-paragraph\"><\/p>\n\n\n\n<h2 class=\"wp-block-heading\">Quelle:<\/h2>\n\n\n\n<p class=\"wp-block-paragraph\">Gao T, Liu X, Mi W, et al. Fecal microbiota transplantation-based treatment protocol for chronic insomnia disorder: A randomized, double-blind, placebo-controlled trial. J Intern Med. Published online July 22, 2026. <a href=\"https:\/\/doi.org\/10.1111\/joim.70137\" target=\"_blank\" rel=\"noopener\">https:\/\/doi.org\/10.1111\/joim.70137<\/a><\/p>\n\n\n\n<p class=\"wp-block-paragraph\"><\/p>\n\n\n\n<div class=\"wp-block-divi-layout\">[et_pb_section fb_built=&#8220;1&#8243; _builder_version=&#8220;4.27.4&#8243; _module_preset=&#8220;default&#8220; global_colors_info=&#8220;{}&#8220;][et_pb_row _builder_version=&#8220;4.27.4&#8243; _module_preset=&#8220;default&#8220; global_colors_info=&#8220;{}&#8220;][et_pb_column type=&#8220;4_4&#8243; _builder_version=&#8220;4.27.4&#8243; _module_preset=&#8220;default&#8220; global_colors_info=&#8220;{}&#8220;][dsm_text_divider header=&#8220;Das Wichtigste auf einen Blick&#8220; _builder_version=&#8220;4.27.5&#8243; _module_preset=&#8220;default&#8220; header_level=&#8220;h2&#8243; header_font=&#8220;||||||||&#8220; header_text_color=&#8220;#2DACDC&#8220; max_width=&#8220;100%&#8220; custom_margin=&#8220;||24px|||&#8220; custom_padding=&#8220;||14px||false|false&#8220; global_colors_info=&#8220;{}&#8220;][\/dsm_text_divider][et_pb_text module_class=&#8220;insight-box&#8220; _builder_version=&#8220;4.27.7&#8243; _module_preset=&#8220;default&#8220; background_color=&#8220;rgba(45,172,220,0.15)&#8220; custom_padding=&#8220;20px|70px|20px|70px|false|false&#8220; hover_enabled=&#8220;0&#8243; custom_css_free_form=&#8220;||.insight-box {||  max-width: 720px;       \/* Breite begrenzen *\/||  margin-left: auto;      \/* zentriert *\/||  margin-right: auto;||  background: linear-gradient(180deg, rgba(45,172,220,0.08) 0%, rgba(45,172,220,0.14) 100%);||  border-radius: 18px;||  box-shadow: 0 8px 22px rgba(0,0,0,0.05);||  padding: 30px 38px;||}||||\/* Magazin-Stil f\u00fcr Insights \/ Flash *\/||.insight-box {||  background: linear-gradient(180deg, rgba(45,172,220,0.08) 0%, rgba(45,172,220,0.14) 100%);||  border-radius: 18px;||  box-shadow: 0 8px 22px rgba(0,0,0,0.05);||  padding: 30px 38px;||  position: relative;||}||.insight-box::before {||  content: %22%22;||  position: absolute;||  top: 0; left: 0; bottom: 0;||  width: 4px;||  border-radius: 18px 0 0 18px;||  background: linear-gradient(180deg, rgba(45,172,220,0.5) 0%, rgba(45,172,220,0.25) 100%);||}||.insight-box ol li,||.insight-box ul li { margin-bottom: 30px; }||.insight-box ol li:last-child,||.insight-box ul li:last-child { margin-bottom: 0; }||||||||&#8220; border_radii=&#8220;on|5px|5px|5px|5px&#8220; box_shadow_style=&#8220;preset1&#8243; box_shadow_horizontal=&#8220;1px&#8220; box_shadow_color=&#8220;rgba(10,6,6,0.2)&#8220; global_colors_info=&#8220;{}&#8220; sticky_enabled=&#8220;0&#8243;]<ol>\n<li>Eine starke Ver\u00e4nderung des Darmmikrobioms durch eine f\u00e4kale Mikrobiota-Transplantation mit vorheriger Antibiotikabehandlung konnte die Schlafqualit\u00e4t von Personen mit chronischer Insomnie verbessern.<\/li>\n<li>Der Effekt war nicht dauerhaft gleich stark: Nach einem halben Jahr war die subjektiv bewertete Schlafqualit\u00e4t zwar noch besser als in der Kontrollgruppe, der Unterschied aber kleiner als nach 2 und 3 Monaten.<\/li>\n<li>Nicht jede Person reagierte gleich gut auf die Behandlung. Warum das so ist, ist noch nicht gekl\u00e4rt: Ein unterschiedliches Ausgangsmikrobiom k\u00f6nnte eine m\u00f6gliche Ursache sein.<\/li>\n<li>Weitere Studien sind n\u00f6tig, um Schlussfolgerungen f\u00fcr Medizin und Alltag zu ziehen. Die Studie liefert jedoch vielversprechende erste Hinweise darauf, dass gezielte Ver\u00e4nderungen des Darmmikrobioms bei chronischer Insomnie die Schlafqualit\u00e4t verbessern k\u00f6nnten.<\/li>\n<\/ol>[\/et_pb_text][\/et_pb_column][\/et_pb_row][\/et_pb_section]<\/div>\n\n\n\n<p class=\"wp-block-paragraph\"><\/p>\n","protected":false},"excerpt":{"rendered":"<p>Kann das Darmmikrobiom unseren Schlaf beeinflussen? Eine neue Humanstudie liefert erste Hinweise. Untersucht wurde FMT bei chronischer Insomnie.<\/p>\n","protected":false},"featured_media":8507,"template":"","meta":{"_et_pb_use_builder":"off","_et_pb_old_content":"","_et_gb_content_width":"","footnotes":""},"insight-topic":[262],"class_list":["post-8506","insight","type-insight","status-publish","has-post-thumbnail","hentry","insight-topic-verhalten"],"_links":{"self":[{"href":"https:\/\/bacteria.de\/de\/wp-json\/wp\/v2\/insight\/8506","targetHints":{"allow":["GET"]}}],"collection":[{"href":"https:\/\/bacteria.de\/de\/wp-json\/wp\/v2\/insight"}],"about":[{"href":"https:\/\/bacteria.de\/de\/wp-json\/wp\/v2\/types\/insight"}],"version-history":[{"count":7,"href":"https:\/\/bacteria.de\/de\/wp-json\/wp\/v2\/insight\/8506\/revisions"}],"predecessor-version":[{"id":8557,"href":"https:\/\/bacteria.de\/de\/wp-json\/wp\/v2\/insight\/8506\/revisions\/8557"}],"wp:featuredmedia":[{"embeddable":true,"href":"https:\/\/bacteria.de\/de\/wp-json\/wp\/v2\/media\/8507"}],"wp:attachment":[{"href":"https:\/\/bacteria.de\/de\/wp-json\/wp\/v2\/media?parent=8506"}],"wp:term":[{"taxonomy":"insight-topic","embeddable":true,"href":"https:\/\/bacteria.de\/de\/wp-json\/wp\/v2\/insight-topic?post=8506"}],"curies":[{"name":"wp","href":"https:\/\/api.w.org\/{rel}","templated":true}]}}